{"id":157,"date":"2017-10-29T10:13:59","date_gmt":"2017-10-29T09:13:59","guid":{"rendered":"http:\/\/kinderhaus-passau.de\/wordpress\/?page_id=157"},"modified":"2022-12-21T13:13:08","modified_gmt":"2022-12-21T12:13:08","slug":"kinderkrippe","status":"publish","type":"page","link":"http:\/\/kinderhaus-passau.de\/wordpress\/kinderkrippe\/","title":{"rendered":"Kinderkrippe"},"content":{"rendered":"<div id=\"pl-157\"  class=\"panel-layout\" ><div id=\"pg-157-0\"  class=\"panel-grid panel-no-style\" ><div id=\"pgc-157-0-0\"  class=\"panel-grid-cell\" ><div id=\"panel-157-0-0-0\" class=\"so-panel widget widget_text panel-first-child panel-last-child\" data-index=\"0\" >\t\t\t<div class=\"textwidget\"><p>In diesem Abschnitt findet Ihr genauere Informationen zur Kinderkrippe<\/p>\n<\/div>\n\t\t<\/div><\/div><\/div><div id=\"pg-157-1\"  class=\"panel-grid panel-no-style\" ><div id=\"pgc-157-1-0\"  class=\"panel-grid-cell\" ><div id=\"panel-157-1-0-0\" class=\"so-panel widget widget_media_image panel-first-child panel-last-child\" data-index=\"1\" ><img loading=\"lazy\" decoding=\"async\" width=\"70\" height=\"70\" src=\"http:\/\/kinderhaus-passau.de\/wordpress\/wp-content\/uploads\/2017\/10\/girl-100x100.png\" class=\"image wp-image-228  attachment-70x70 size-70x70\" alt=\"\" style=\"max-width: 100%; height: auto;\" srcset=\"http:\/\/kinderhaus-passau.de\/wordpress\/wp-content\/uploads\/2017\/10\/girl-100x100.png 100w, http:\/\/kinderhaus-passau.de\/wordpress\/wp-content\/uploads\/2017\/10\/girl-150x150.png 150w, http:\/\/kinderhaus-passau.de\/wordpress\/wp-content\/uploads\/2017\/10\/girl-300x300.png 300w, http:\/\/kinderhaus-passau.de\/wordpress\/wp-content\/uploads\/2017\/10\/girl.png 512w\" sizes=\"auto, 100vw\" \/><\/div><\/div><div id=\"pgc-157-1-1\"  class=\"panel-grid-cell\" ><div id=\"panel-157-1-1-0\" class=\"so-panel widget widget_text panel-first-child panel-last-child\" data-index=\"2\" ><h3 class=\"widget-title\">Krippenteam<\/h3>\t\t\t<div class=\"textwidget\"><div class=\"bg-margin-for-link\"><input type='hidden' bg_collapse_expand='69f27d61c390d8064535222' value='69f27d61c390d8064535222'><input type='hidden' id='bg-show-more-text-69f27d61c390d8064535222' value='mehr...'><input type='hidden' id='bg-show-less-text-69f27d61c390d8064535222' value='...weniger'><a id='bg-showmore-action-69f27d61c390d8064535222' class='bg-showmore-plg-link bg-arrow '  style=\" color:#72777c;;\" href='#'>mehr...<\/a><div id='bg-showmore-hidden-69f27d61c390d8064535222' ><\/p>\n<ul>\n<li style=\"font-weight: 400\"><span style=\"font-weight: 400\">Renate Dietz-Brand (<\/span>Kleinkindp\u00e4dagogin mit Montessori-Zusatzausbildung)<\/li>\n<\/ul>\n<ul>\n<li style=\"font-weight: 400\"><span style=\"font-weight: 400\">Agnes Schmidseder (<\/span>Dipl.-P\u00e4dagogin mit Montessori-Zusatzausbildung, Grundkurs und Praxisbegleitung in Pikler-Kleinkindp\u00e4dagogik)<\/li>\n<\/ul>\n<ul>\n<li>Anne Unterguggenberger (Erzieherin)<\/li>\n<li>Nadine (Erzieherin)<\/li>\n<li>Lena Dietz (Erzieherin)<\/li>\n<\/ul>\n<p><img loading=\"lazy\" decoding=\"async\" class=\"aligncenter size-large wp-image-419\" src=\"http:\/\/kinderhaus-passau.de\/wordpress\/wp-content\/uploads\/2018\/05\/team-krippe-1024x732.jpg\" alt=\"\" width=\"525\" height=\"375\" srcset=\"http:\/\/kinderhaus-passau.de\/wordpress\/wp-content\/uploads\/2018\/05\/team-krippe-1024x732.jpg 1024w, http:\/\/kinderhaus-passau.de\/wordpress\/wp-content\/uploads\/2018\/05\/team-krippe-300x214.jpg 300w, http:\/\/kinderhaus-passau.de\/wordpress\/wp-content\/uploads\/2018\/05\/team-krippe-768x549.jpg 768w, http:\/\/kinderhaus-passau.de\/wordpress\/wp-content\/uploads\/2018\/05\/team-krippe-700x500.jpg 700w, http:\/\/kinderhaus-passau.de\/wordpress\/wp-content\/uploads\/2018\/05\/team-krippe-620x443.jpg 620w, http:\/\/kinderhaus-passau.de\/wordpress\/wp-content\/uploads\/2018\/05\/team-krippe-400x286.jpg 400w\" sizes=\"auto, (max-width: 525px) 100vw, 525px\" \/><\/p>\n<p>&nbsp;<\/p>\n<p><\/div><\/div>\n<\/div>\n\t\t<\/div><\/div><\/div><div id=\"pg-157-2\"  class=\"panel-grid panel-no-style\" ><div id=\"pgc-157-2-0\"  class=\"panel-grid-cell\" ><div id=\"panel-157-2-0-0\" class=\"so-panel widget widget_media_image panel-first-child panel-last-child\" data-index=\"3\" ><img loading=\"lazy\" decoding=\"async\" width=\"70\" height=\"70\" src=\"http:\/\/kinderhaus-passau.de\/wordpress\/wp-content\/uploads\/2017\/10\/alarm-clock-100x100.png\" class=\"image wp-image-238  attachment-70x70 size-70x70\" alt=\"\" style=\"max-width: 100%; height: auto;\" srcset=\"http:\/\/kinderhaus-passau.de\/wordpress\/wp-content\/uploads\/2017\/10\/alarm-clock-100x100.png 100w, http:\/\/kinderhaus-passau.de\/wordpress\/wp-content\/uploads\/2017\/10\/alarm-clock-150x150.png 150w, http:\/\/kinderhaus-passau.de\/wordpress\/wp-content\/uploads\/2017\/10\/alarm-clock-300x300.png 300w, http:\/\/kinderhaus-passau.de\/wordpress\/wp-content\/uploads\/2017\/10\/alarm-clock.png 512w\" sizes=\"auto, 100vw\" \/><\/div><\/div><div id=\"pgc-157-2-1\"  class=\"panel-grid-cell\" ><div id=\"panel-157-2-1-0\" class=\"so-panel widget widget_text panel-first-child panel-last-child\" data-index=\"4\" ><h3 class=\"widget-title\">Tagesablauf<\/h3>\t\t\t<div class=\"textwidget\"><div class=\"bg-margin-for-link\"><input type='hidden' bg_collapse_expand='69f27d61c40932007341895' value='69f27d61c40932007341895'><input type='hidden' id='bg-show-more-text-69f27d61c40932007341895' value='mehr...'><input type='hidden' id='bg-show-less-text-69f27d61c40932007341895' value='...weniger'><a id='bg-showmore-action-69f27d61c40932007341895' class='bg-showmore-plg-link bg-arrow '  style=\" color:#72777c;;\" href='#'>mehr...<\/a><div id='bg-showmore-hidden-69f27d61c40932007341895' ><\/p>\n<p><span style=\"font-weight: 400\"><strong>7:15 Uhr \u2013 9:00 Uhr:<\/strong> Bringzeit und Freispielphase<\/span><\/p>\n<p><span style=\"font-weight: 400\">Am Morgen wird jedes Kind bei uns in der Garderobe in Empfang genommen, begr\u00fc\u00dft und in die Gruppe begleitet. Der Tag beginnt f\u00fcr die Kinder mit dem Freispiel.<\/span><\/p>\n<p>&nbsp;<\/p>\n<p><span style=\"font-weight: 400\"><strong>9:15 Uhr:<\/strong> Gemeinsames Aufr\u00e4umen und Morgenkreis<\/span><\/p>\n<p><span style=\"font-weight: 400\">Nach dem gemeinsamen Aufr\u00e4umen treffen sich alle Kinder im Gruppenraum zum Morgenkreis, der unterschiedlich gestaltet wird.<\/span><\/p>\n<p><span style=\"font-weight: 400\"><strong>9:45 Uhr \u2013 10:15 Uhr:<\/strong> Gemeinsames Fr\u00fchst\u00fcck<\/span><\/p>\n<p><span style=\"font-weight: 400\">In gem\u00fctlicher Runde d\u00fcrfen sich die Kinder am reichhaltigen Fr\u00fchst\u00fcck bedienen. <\/span><\/p>\n<p>&nbsp;<\/p>\n<p><span style=\"font-weight: 400\"><strong>10:15 Uhr bis 12:00 Uhr:<\/strong> Freispielzeit<\/span><\/p>\n<p><span style=\"font-weight: 400\">Die verbleibende Zeit bis zum Mittagessen gestalten wir frei nach den Bed\u00fcrfnissen der Kinder. Sehr gerne nutzen wir mit allen Kindern unseren gro\u00dfen Garten, um ihnen vielf\u00e4ltige Spiel- und Lernerfahrungen zu erm\u00f6glichen. Die Spielzeit endet wieder mit dem vertrauten Aufr\u00e4umlied.<\/span><\/p>\n<p>&nbsp;<\/p>\n<p><span style=\"font-weight: 400\"><strong>12:00 Uhr:<\/strong> Mittagessen<\/span><\/p>\n<p><span style=\"font-weight: 400\">Nach einer kurzen Zeit der Stille und einem Lied lassen wir uns gemeinsam das Mittagessen schmecken.<\/span><\/p>\n<p>&nbsp;<\/p>\n<p><span style=\"font-weight: 400\"><strong> 12:30 Uhr bis 14:30 Uhr:<\/strong> Freispielzeit bis zum Abholen<\/span><\/p>\n<p><span style=\"font-weight: 400\">Bis die Kinder abgeholt werden spielen sie im Gruppenraum oder im Garten. <\/span><\/p>\n<p>&nbsp;<\/p>\n<p><span style=\"font-weight: 400\">In unserer Einrichtung gibt es keine festen Schlafenszeiten. Wir richten uns ganz nach dem <\/span><i><span style=\"font-weight: 400\">Schlafbed\u00fcrfnis des Kindes<\/span><\/i><span style=\"font-weight: 400\"> und begleiten es in der Einschlafphase. Die Kinder k\u00f6nnen im Schlafraum oder an der frischen Luft schlafen. <\/span><\/p>\n<p><\/div><\/div>\n<\/div>\n\t\t<\/div><\/div><\/div><div id=\"pg-157-3\"  class=\"panel-grid panel-no-style\" ><div id=\"pgc-157-3-0\"  class=\"panel-grid-cell\" ><div id=\"panel-157-3-0-0\" class=\"so-panel widget widget_media_image panel-first-child panel-last-child\" data-index=\"5\" ><img loading=\"lazy\" decoding=\"async\" width=\"70\" height=\"70\" src=\"http:\/\/kinderhaus-passau.de\/wordpress\/wp-content\/uploads\/2017\/10\/field-100x100.png\" class=\"image wp-image-239  attachment-70x70 size-70x70\" alt=\"\" style=\"max-width: 100%; height: auto;\" srcset=\"http:\/\/kinderhaus-passau.de\/wordpress\/wp-content\/uploads\/2017\/10\/field-100x100.png 100w, http:\/\/kinderhaus-passau.de\/wordpress\/wp-content\/uploads\/2017\/10\/field-150x150.png 150w, http:\/\/kinderhaus-passau.de\/wordpress\/wp-content\/uploads\/2017\/10\/field-300x300.png 300w, http:\/\/kinderhaus-passau.de\/wordpress\/wp-content\/uploads\/2017\/10\/field.png 512w\" sizes=\"auto, 100vw\" \/><\/div><\/div><div id=\"pgc-157-3-1\"  class=\"panel-grid-cell\" ><div id=\"panel-157-3-1-0\" class=\"so-panel widget widget_text panel-first-child panel-last-child\" data-index=\"6\" ><h3 class=\"widget-title\">R\u00e4ume und Garten<\/h3>\t\t\t<div class=\"textwidget\"><div class=\"bg-margin-for-link\"><input type='hidden' bg_collapse_expand='69f27d61c46467074334389' value='69f27d61c46467074334389'><input type='hidden' id='bg-show-more-text-69f27d61c46467074334389' value='mehr...'><input type='hidden' id='bg-show-less-text-69f27d61c46467074334389' value='...weniger'><a id='bg-showmore-action-69f27d61c46467074334389' class='bg-showmore-plg-link bg-arrow '  style=\" color:#72777c;;\" href='#'>mehr...<\/a><div id='bg-showmore-hidden-69f27d61c46467074334389' ><\/p>\n<p><img loading=\"lazy\" decoding=\"async\" class=\"aligncenter size-large wp-image-417\" src=\"http:\/\/kinderhaus-passau.de\/wordpress\/wp-content\/uploads\/2018\/05\/raeume-garten-1024x690.jpg\" alt=\"\" width=\"525\" height=\"354\" srcset=\"http:\/\/kinderhaus-passau.de\/wordpress\/wp-content\/uploads\/2018\/05\/raeume-garten-1024x690.jpg 1024w, http:\/\/kinderhaus-passau.de\/wordpress\/wp-content\/uploads\/2018\/05\/raeume-garten-300x202.jpg 300w, http:\/\/kinderhaus-passau.de\/wordpress\/wp-content\/uploads\/2018\/05\/raeume-garten-768x518.jpg 768w, http:\/\/kinderhaus-passau.de\/wordpress\/wp-content\/uploads\/2018\/05\/raeume-garten-272x182.jpg 272w\" sizes=\"auto, (max-width: 525px) 100vw, 525px\" \/><\/p>\n<p><span style=\"font-weight: 400\">Erfahrungsr\u00e4ume f\u00fcr Krippenkinder m\u00fcssen mehr sein als nur Zimmer, die mit kindgerechten M\u00f6beln ausgestattet sind. Krippenkinder brauchen R\u00e4ume zum Ankommen, f\u00fcr Bewegung, f\u00fcr R\u00fcckzug und Erholung, f\u00fcr K\u00f6rpererfahrungen, Gemeinschaftserlebnisse, f\u00fcr ihr \u201eIch\u201c, zum Arbeiten mit verschiedenen Materialien und zum Erfahren von Natur. Folgende Bereiche stehen den Kindern bei uns zur Verf\u00fcgung. <\/span><\/p>\n<p>&nbsp;<\/p>\n<p><img loading=\"lazy\" decoding=\"async\" class=\"aligncenter size-large wp-image-172\" src=\"http:\/\/kinderhaus-passau.de\/wordpress\/wp-content\/uploads\/2017\/10\/Krippengarderobe-1024x679.jpg\" alt=\"\" width=\"525\" height=\"348\" srcset=\"http:\/\/kinderhaus-passau.de\/wordpress\/wp-content\/uploads\/2017\/10\/Krippengarderobe-1024x679.jpg 1024w, http:\/\/kinderhaus-passau.de\/wordpress\/wp-content\/uploads\/2017\/10\/Krippengarderobe-300x199.jpg 300w, http:\/\/kinderhaus-passau.de\/wordpress\/wp-content\/uploads\/2017\/10\/Krippengarderobe-768x510.jpg 768w, http:\/\/kinderhaus-passau.de\/wordpress\/wp-content\/uploads\/2017\/10\/Krippengarderobe.jpg 1144w\" sizes=\"auto, (max-width: 525px) 100vw, 525px\" \/><\/p>\n<p><span style=\"font-weight: 400\">Garderobe mit Sitzpl\u00e4tzen auch f\u00fcr die Erwachsenen, damit das Ankommen in einer Atmosph\u00e4re des Willkommenseins gelingt.<\/span><\/p>\n<p><span style=\"font-weight: 400\">Ein neuangebauter, gro\u00dfer, lichtdurchfluteter Gruppenraum mit Bewegungslandschaft l\u00e4dt durch seine Ausstattung und Gestaltung zum Experimentieren, Bewegen, Ausprobieren und Spielen ein. Zus\u00e4tzlich dient er uns als Treffpunkt f\u00fcr den Morgenkreis und andere gemeinsame Aktivit\u00e4ten.<\/span><\/p>\n<p><img loading=\"lazy\" decoding=\"async\" class=\"aligncenter size-large wp-image-427\" src=\"http:\/\/kinderhaus-passau.de\/wordpress\/wp-content\/uploads\/2018\/05\/gruppenraum2-1024x694.jpg\" alt=\"\" width=\"525\" height=\"356\" srcset=\"http:\/\/kinderhaus-passau.de\/wordpress\/wp-content\/uploads\/2018\/05\/gruppenraum2-1024x694.jpg 1024w, http:\/\/kinderhaus-passau.de\/wordpress\/wp-content\/uploads\/2018\/05\/gruppenraum2-300x203.jpg 300w, http:\/\/kinderhaus-passau.de\/wordpress\/wp-content\/uploads\/2018\/05\/gruppenraum2-768x520.jpg 768w\" sizes=\"auto, (max-width: 525px) 100vw, 525px\" \/><\/p>\n<p>&nbsp;<\/p>\n<p><img loading=\"lazy\" decoding=\"async\" class=\"aligncenter size-large wp-image-415\" src=\"http:\/\/kinderhaus-passau.de\/wordpress\/wp-content\/uploads\/2018\/05\/gruppenraum-1024x791.jpg\" alt=\"\" width=\"525\" height=\"406\" srcset=\"http:\/\/kinderhaus-passau.de\/wordpress\/wp-content\/uploads\/2018\/05\/gruppenraum-1024x791.jpg 1024w, http:\/\/kinderhaus-passau.de\/wordpress\/wp-content\/uploads\/2018\/05\/gruppenraum-300x232.jpg 300w, http:\/\/kinderhaus-passau.de\/wordpress\/wp-content\/uploads\/2018\/05\/gruppenraum-768x593.jpg 768w\" sizes=\"auto, (max-width: 525px) 100vw, 525px\" \/><\/p>\n<p><span style=\"font-weight: 400\">Im Montessori- und Kreativbereich k\u00f6nnen die Kinder in Ruhe mit ausgew\u00e4hlten Montessori-Materialien arbeiten. Der Kreativbereich regt zum Malen, Basteln, Kneten etc. an.<\/span><\/p>\n<p><img loading=\"lazy\" decoding=\"async\" class=\"aligncenter size-large wp-image-416\" src=\"http:\/\/kinderhaus-passau.de\/wordpress\/wp-content\/uploads\/2018\/05\/kueche-1024x683.jpg\" alt=\"\" width=\"525\" height=\"350\" srcset=\"http:\/\/kinderhaus-passau.de\/wordpress\/wp-content\/uploads\/2018\/05\/kueche-1024x683.jpg 1024w, http:\/\/kinderhaus-passau.de\/wordpress\/wp-content\/uploads\/2018\/05\/kueche-300x200.jpg 300w, http:\/\/kinderhaus-passau.de\/wordpress\/wp-content\/uploads\/2018\/05\/kueche-768x512.jpg 768w, http:\/\/kinderhaus-passau.de\/wordpress\/wp-content\/uploads\/2018\/05\/kueche-272x182.jpg 272w, http:\/\/kinderhaus-passau.de\/wordpress\/wp-content\/uploads\/2018\/05\/kueche.jpg 1152w\" sizes=\"auto, (max-width: 525px) 100vw, 525px\" \/><\/p>\n<p><span style=\"font-weight: 400\">In unserer K\u00fcche mit Essbereich nehmen wir in entspannter Atmosph\u00e4re unsere Mahlzeiten zu uns.<\/span><\/p>\n<p><img loading=\"lazy\" decoding=\"async\" class=\"aligncenter size-large wp-image-418\" src=\"http:\/\/kinderhaus-passau.de\/wordpress\/wp-content\/uploads\/2018\/05\/schlafraum1-1024x768.jpg\" alt=\"\" width=\"525\" height=\"394\" srcset=\"http:\/\/kinderhaus-passau.de\/wordpress\/wp-content\/uploads\/2018\/05\/schlafraum1-1024x768.jpg 1024w, http:\/\/kinderhaus-passau.de\/wordpress\/wp-content\/uploads\/2018\/05\/schlafraum1-300x225.jpg 300w, http:\/\/kinderhaus-passau.de\/wordpress\/wp-content\/uploads\/2018\/05\/schlafraum1-768x576.jpg 768w\" sizes=\"auto, (max-width: 525px) 100vw, 525px\" \/><\/p>\n<p><span style=\"font-weight: 400\">Unser gem\u00fctlicher Schlafraum ist so gestaltet, dass er den unterschiedlichen Schlafbed\u00fcrfnissen der Kinder gerecht wird. Egal ob in H\u00e4ngematte oder Bett, jeder findet hier die n\u00f6tige Ruhe, um einzuschlafen.<\/span><\/p>\n<p><img loading=\"lazy\" decoding=\"async\" class=\"aligncenter size-large wp-image-420\" src=\"http:\/\/kinderhaus-passau.de\/wordpress\/wp-content\/uploads\/2018\/05\/wickeloase-1024x768.jpg\" alt=\"\" width=\"525\" height=\"394\" srcset=\"http:\/\/kinderhaus-passau.de\/wordpress\/wp-content\/uploads\/2018\/05\/wickeloase-1024x768.jpg 1024w, http:\/\/kinderhaus-passau.de\/wordpress\/wp-content\/uploads\/2018\/05\/wickeloase-300x225.jpg 300w, http:\/\/kinderhaus-passau.de\/wordpress\/wp-content\/uploads\/2018\/05\/wickeloase-768x576.jpg 768w\" sizes=\"auto, (max-width: 525px) 100vw, 525px\" \/><\/p>\n<p><span style=\"font-weight: 400\">Ein Sanit\u00e4rbereich gliedert sich in eine Wickeloase und separate Kindertoiletten.<\/span><\/p>\n<p><img loading=\"lazy\" decoding=\"async\" class=\"aligncenter size-large wp-image-414\" src=\"http:\/\/kinderhaus-passau.de\/wordpress\/wp-content\/uploads\/2018\/05\/garten-1024x683.jpg\" alt=\"\" width=\"525\" height=\"350\" srcset=\"http:\/\/kinderhaus-passau.de\/wordpress\/wp-content\/uploads\/2018\/05\/garten-1024x683.jpg 1024w, http:\/\/kinderhaus-passau.de\/wordpress\/wp-content\/uploads\/2018\/05\/garten-300x200.jpg 300w, http:\/\/kinderhaus-passau.de\/wordpress\/wp-content\/uploads\/2018\/05\/garten-768x512.jpg 768w, http:\/\/kinderhaus-passau.de\/wordpress\/wp-content\/uploads\/2018\/05\/garten-272x182.jpg 272w, http:\/\/kinderhaus-passau.de\/wordpress\/wp-content\/uploads\/2018\/05\/garten.jpg 1152w\" sizes=\"auto, (max-width: 525px) 100vw, 525px\" \/><\/p>\n<p><span style=\"font-weight: 400\">Unser gro\u00dfer Garten f\u00f6rdert auf vielf\u00e4ltige Weise Natur- und K\u00f6rpererfahrung.<\/span><\/p>\n<p>&nbsp;<\/p>\n<p><\/div><\/div>\n<\/div>\n\t\t<\/div><\/div><\/div><div id=\"pg-157-4\"  class=\"panel-grid panel-no-style\" ><div id=\"pgc-157-4-0\"  class=\"panel-grid-cell\" ><div id=\"panel-157-4-0-0\" class=\"so-panel widget widget_media_image panel-first-child panel-last-child\" data-index=\"7\" ><img loading=\"lazy\" decoding=\"async\" width=\"70\" height=\"70\" src=\"http:\/\/kinderhaus-passau.de\/wordpress\/wp-content\/uploads\/2017\/10\/theater-100x100.png\" class=\"image wp-image-240  attachment-70x70 size-70x70\" alt=\"\" style=\"max-width: 100%; height: auto;\" srcset=\"http:\/\/kinderhaus-passau.de\/wordpress\/wp-content\/uploads\/2017\/10\/theater-100x100.png 100w, http:\/\/kinderhaus-passau.de\/wordpress\/wp-content\/uploads\/2017\/10\/theater-150x150.png 150w, http:\/\/kinderhaus-passau.de\/wordpress\/wp-content\/uploads\/2017\/10\/theater-300x300.png 300w, http:\/\/kinderhaus-passau.de\/wordpress\/wp-content\/uploads\/2017\/10\/theater.png 512w\" sizes=\"auto, 100vw\" \/><\/div><\/div><div id=\"pgc-157-4-1\"  class=\"panel-grid-cell\" ><div id=\"panel-157-4-1-0\" class=\"so-panel widget widget_text panel-first-child panel-last-child\" data-index=\"8\" ><h3 class=\"widget-title\">Eingew\u00f6hnung<\/h3>\t\t\t<div class=\"textwidget\"><div class=\"bg-margin-for-link\"><input type='hidden' bg_collapse_expand='69f27d61c50472062854833' value='69f27d61c50472062854833'><input type='hidden' id='bg-show-more-text-69f27d61c50472062854833' value='mehr...'><input type='hidden' id='bg-show-less-text-69f27d61c50472062854833' value='...weniger'><a id='bg-showmore-action-69f27d61c50472062854833' class='bg-showmore-plg-link bg-arrow '  style=\" color:#72777c;;\" href='#'>mehr...<\/a><div id='bg-showmore-hidden-69f27d61c50472062854833' ><\/p>\n<p><span style=\"font-weight: 400\">Bereits nach der Anmeldung d\u00fcrfen Eltern und Kinder gelegentlich zum Hospitieren bzw. zum \u201eSchnuppern\u201c zu uns in die Kinderkrippe kommen. Am Tag des Eintritts wird das neue Krippenkind von den Eltern oder einer vertrauten Bezugsperson begleitet. Uns ist es wichtig, dass die Eltern sehen, wie wir ihr Kind und auch die anderen Kinder durch den Tag begleiten. Nur so kann das notwendige Vertrauen zwischen Eltern und dem Team wachsen. W\u00e4hrend der Eingew\u00f6hnungsphase \u00fcbernimmt ein Teammitglied vorwiegend die Begleitung des neuen Kindes. Das Kind beginnt sich aktiv mit der neuen Situation auseinanderzusetzen und sich darauf einzulassen. Langsam gew\u00f6hnt es sich an den neuen Tagesablauf, die neuen Regeln, die neue Umgebung und baut mehr und mehr eine vertrauensvolle Beziehung zu den p\u00e4dagogischen Betreuerinnen und den Kindern aus der Gruppe auf. Die Eingew\u00f6hnung wird individuell auf jedes Kind abgestimmt. Zusammen mit den Eltern entscheiden wir, ab wann und wie lange das Kind alleine bei uns bleibt. Aufgabe der Eingew\u00f6hnungsgestaltung ist es auch, dem Rest der Gruppe die M\u00f6glichkeit zu geben, sich aktiv mit der neuen Situation vertraut zu machen und sich darauf einzustellen. <\/span><\/p>\n<p><\/div><\/div>\n<\/div>\n\t\t<\/div><\/div><\/div><div id=\"pg-157-5\"  class=\"panel-grid panel-no-style\" ><div id=\"pgc-157-5-0\"  class=\"panel-grid-cell\" ><div id=\"panel-157-5-0-0\" class=\"so-panel widget widget_media_image panel-first-child panel-last-child\" data-index=\"9\" ><img loading=\"lazy\" decoding=\"async\" width=\"70\" height=\"70\" src=\"http:\/\/kinderhaus-passau.de\/wordpress\/wp-content\/uploads\/2017\/10\/digger-100x100.png\" class=\"image wp-image-241  attachment-70x70 size-70x70\" alt=\"\" style=\"max-width: 100%; height: auto;\" srcset=\"http:\/\/kinderhaus-passau.de\/wordpress\/wp-content\/uploads\/2017\/10\/digger-100x100.png 100w, http:\/\/kinderhaus-passau.de\/wordpress\/wp-content\/uploads\/2017\/10\/digger-150x150.png 150w, http:\/\/kinderhaus-passau.de\/wordpress\/wp-content\/uploads\/2017\/10\/digger-300x300.png 300w, http:\/\/kinderhaus-passau.de\/wordpress\/wp-content\/uploads\/2017\/10\/digger.png 512w\" sizes=\"auto, 100vw\" \/><\/div><\/div><div id=\"pgc-157-5-1\"  class=\"panel-grid-cell\" ><div id=\"panel-157-5-1-0\" class=\"so-panel widget widget_text panel-first-child panel-last-child\" data-index=\"10\" ><h3 class=\"widget-title\">Elternarbeit<\/h3>\t\t\t<div class=\"textwidget\"><div class=\"bg-margin-for-link\"><input type='hidden' bg_collapse_expand='69f27d61c53e13060687412' value='69f27d61c53e13060687412'><input type='hidden' id='bg-show-more-text-69f27d61c53e13060687412' value='mehr...'><input type='hidden' id='bg-show-less-text-69f27d61c53e13060687412' value='...weniger'><a id='bg-showmore-action-69f27d61c53e13060687412' class='bg-showmore-plg-link bg-arrow '  style=\" color:#72777c;;\" href='#'>mehr...<\/a><div id='bg-showmore-hidden-69f27d61c53e13060687412' ><\/p>\n<p><span style=\"font-weight: 400\">Der intensive Kontakt zu den Eltern ist in der Krippenarbeit besonders wichtig. Deshalb bieten wir neben den t\u00e4glichen kurzen Gespr\u00e4chen regelm\u00e4\u00dfig Elternabende und Elterngespr\u00e4che an.<\/span><\/p>\n<p><span style=\"font-weight: 400\">Zus\u00e4tzlich sind im Betreuungsvertrag j\u00e4hrlich 20 Stunden Elternarbeit f\u00fcr den Verein festgelegt. Eltern k\u00f6nnen sich einbringen, indem sie Eink\u00e4ufe erledigen, W\u00e4sche waschen, Feste vorbereiten, im Garten mithelfen, Spielzeug herstellen oder reparieren und vieles mehr. <\/span><\/p>\n<p><span style=\"font-weight: 400\">Jeder Elternteil kann sich in den Vorstand w\u00e4hlen lassen. Die Aufgaben des Vorstandes und seine Kooperationswege mit dem p\u00e4dagogischen Fachpersonal sind in einem Kompetenzplan festgelegt.<\/span><\/p>\n<p><span style=\"font-weight: 400\">In der Kinderkrippe beschr\u00e4nkt sich die Elternarbeit auf Organisatorisches oder das Mitwirken im Vorstand.<\/span><\/p>\n<p>&nbsp;<\/p>\n<p><\/div><\/div>\n<\/div>\n\t\t<\/div><\/div><\/div><\/div>","protected":false},"excerpt":{"rendered":"<p>In diesem Abschnitt findet Ihr genauere Informationen zur Kinderkrippe<\/p>\n","protected":false},"author":1,"featured_media":0,"parent":0,"menu_order":0,"comment_status":"closed","ping_status":"closed","template":"","meta":{"footnotes":""},"class_list":["post-157","page","type-page","status-publish","hentry"],"_links":{"self":[{"href":"http:\/\/kinderhaus-passau.de\/wordpress\/wp-json\/wp\/v2\/pages\/157","targetHints":{"allow":["GET"]}}],"collection":[{"href":"http:\/\/kinderhaus-passau.de\/wordpress\/wp-json\/wp\/v2\/pages"}],"about":[{"href":"http:\/\/kinderhaus-passau.de\/wordpress\/wp-json\/wp\/v2\/types\/page"}],"author":[{"embeddable":true,"href":"http:\/\/kinderhaus-passau.de\/wordpress\/wp-json\/wp\/v2\/users\/1"}],"replies":[{"embeddable":true,"href":"http:\/\/kinderhaus-passau.de\/wordpress\/wp-json\/wp\/v2\/comments?post=157"}],"version-history":[{"count":11,"href":"http:\/\/kinderhaus-passau.de\/wordpress\/wp-json\/wp\/v2\/pages\/157\/revisions"}],"predecessor-version":[{"id":1827,"href":"http:\/\/kinderhaus-passau.de\/wordpress\/wp-json\/wp\/v2\/pages\/157\/revisions\/1827"}],"wp:attachment":[{"href":"http:\/\/kinderhaus-passau.de\/wordpress\/wp-json\/wp\/v2\/media?parent=157"}],"curies":[{"name":"wp","href":"https:\/\/api.w.org\/{rel}","templated":true}]}}