{"id":161,"date":"2017-10-29T10:18:53","date_gmt":"2017-10-29T09:18:53","guid":{"rendered":"http:\/\/kinderhaus-passau.de\/wordpress\/?page_id=161"},"modified":"2025-07-23T14:41:58","modified_gmt":"2025-07-23T12:41:58","slug":"kindergarten","status":"publish","type":"page","link":"http:\/\/kinderhaus-passau.de\/wordpress\/kindergarten\/","title":{"rendered":"Kindergarten"},"content":{"rendered":"<div id=\"pl-161\"  class=\"panel-layout\" ><div id=\"pg-161-0\"  class=\"panel-grid panel-no-style\" ><div id=\"pgc-161-0-0\"  class=\"panel-grid-cell\" ><div id=\"panel-161-0-0-0\" class=\"so-panel widget widget_text panel-first-child panel-last-child\" data-index=\"0\" >\t\t\t<div class=\"textwidget\"><p>In diesem Abschnitt findet Ihr genauere Informationen zum Kindergarten.<\/p>\n<\/div>\n\t\t<\/div><\/div><\/div><div id=\"pg-161-1\"  class=\"panel-grid panel-no-style\" ><div id=\"pgc-161-1-0\"  class=\"panel-grid-cell\" ><div id=\"panel-161-1-0-0\" class=\"so-panel widget widget_media_image panel-first-child\" data-index=\"1\" ><img loading=\"lazy\" decoding=\"async\" width=\"70\" height=\"70\" src=\"http:\/\/kinderhaus-passau.de\/wordpress\/wp-content\/uploads\/2017\/10\/girl-100x100.png\" class=\"image wp-image-228  attachment-70x70 size-70x70\" alt=\"\" style=\"max-width: 100%; height: auto;\" srcset=\"http:\/\/kinderhaus-passau.de\/wordpress\/wp-content\/uploads\/2017\/10\/girl-100x100.png 100w, http:\/\/kinderhaus-passau.de\/wordpress\/wp-content\/uploads\/2017\/10\/girl-150x150.png 150w, http:\/\/kinderhaus-passau.de\/wordpress\/wp-content\/uploads\/2017\/10\/girl-300x300.png 300w, http:\/\/kinderhaus-passau.de\/wordpress\/wp-content\/uploads\/2017\/10\/girl.png 512w\" sizes=\"auto, 100vw\" \/><\/div><div id=\"panel-161-1-0-1\" class=\"so-panel widget widget_media_image\" data-index=\"2\" ><img loading=\"lazy\" decoding=\"async\" width=\"70\" height=\"70\" src=\"http:\/\/kinderhaus-passau.de\/wordpress\/wp-content\/uploads\/2017\/10\/girl-100x100.png\" class=\"image wp-image-228  attachment-70x70 size-70x70\" alt=\"\" style=\"max-width: 100%; height: auto;\" srcset=\"http:\/\/kinderhaus-passau.de\/wordpress\/wp-content\/uploads\/2017\/10\/girl-100x100.png 100w, http:\/\/kinderhaus-passau.de\/wordpress\/wp-content\/uploads\/2017\/10\/girl-150x150.png 150w, http:\/\/kinderhaus-passau.de\/wordpress\/wp-content\/uploads\/2017\/10\/girl-300x300.png 300w, http:\/\/kinderhaus-passau.de\/wordpress\/wp-content\/uploads\/2017\/10\/girl.png 512w\" sizes=\"auto, 100vw\" \/><\/div><div id=\"panel-161-1-0-2\" class=\"so-panel widget widget_media_image panel-last-child\" data-index=\"3\" ><img loading=\"lazy\" decoding=\"async\" width=\"70\" height=\"70\" src=\"http:\/\/kinderhaus-passau.de\/wordpress\/wp-content\/uploads\/2017\/10\/girl-100x100.png\" class=\"image wp-image-228  attachment-70x70 size-70x70\" alt=\"\" style=\"max-width: 100%; height: auto;\" srcset=\"http:\/\/kinderhaus-passau.de\/wordpress\/wp-content\/uploads\/2017\/10\/girl-100x100.png 100w, http:\/\/kinderhaus-passau.de\/wordpress\/wp-content\/uploads\/2017\/10\/girl-150x150.png 150w, http:\/\/kinderhaus-passau.de\/wordpress\/wp-content\/uploads\/2017\/10\/girl-300x300.png 300w, http:\/\/kinderhaus-passau.de\/wordpress\/wp-content\/uploads\/2017\/10\/girl.png 512w\" sizes=\"auto, 100vw\" \/><\/div><\/div><div id=\"pgc-161-1-1\"  class=\"panel-grid-cell\" ><div id=\"panel-161-1-1-0\" class=\"so-panel widget widget_text panel-first-child panel-last-child\" data-index=\"4\" ><h3 class=\"widget-title\">Kindergartenteam<\/h3>\t\t\t<div class=\"textwidget\"><div class=\"bg-margin-for-link\"><input type='hidden' bg_collapse_expand='69f39fec537f06095994906' value='69f39fec537f06095994906'><input type='hidden' id='bg-show-more-text-69f39fec537f06095994906' value='mehr...'><input type='hidden' id='bg-show-less-text-69f39fec537f06095994906' value='...weniger'><a id='bg-showmore-action-69f39fec537f06095994906' class='bg-showmore-plg-link bg-arrow '  style=\" color:#72777c;;\" href='#'>mehr...<\/a><div id='bg-showmore-hidden-69f39fec537f06095994906' ><\/p>\n<ul>\n<li><strong>Aleksandra Dedek<\/strong><\/li>\n<li><strong>Bettina Stieglbauer<\/strong><\/li>\n<li><strong>Linda Nguyen <img loading=\"lazy\" decoding=\"async\" class=\"wp-image-2856 alignright\" src=\"http:\/\/kinderhaus-passau.de\/wordpress\/wp-content\/uploads\/2024\/10\/Foto_Kiga-300x225.jpg\" alt=\"\" width=\"398\" height=\"298\" srcset=\"http:\/\/kinderhaus-passau.de\/wordpress\/wp-content\/uploads\/2024\/10\/Foto_Kiga-300x225.jpg 300w, http:\/\/kinderhaus-passau.de\/wordpress\/wp-content\/uploads\/2024\/10\/Foto_Kiga-1024x768.jpg 1024w, http:\/\/kinderhaus-passau.de\/wordpress\/wp-content\/uploads\/2024\/10\/Foto_Kiga-768x576.jpg 768w, http:\/\/kinderhaus-passau.de\/wordpress\/wp-content\/uploads\/2024\/10\/Foto_Kiga-1536x1152.jpg 1536w, http:\/\/kinderhaus-passau.de\/wordpress\/wp-content\/uploads\/2024\/10\/Foto_Kiga.jpg 2048w\" sizes=\"auto, (max-width: 398px) 100vw, 398px\" \/><\/strong><\/li>\n<li><strong>Natalia S\u00e1nchez P\u00e9rez <\/strong>(Elternzeit)<\/li>\n<li><strong>Elvira Reithmeier<\/strong> (K\u00f6chin)<\/li>\n<\/ul>\n<p><span style=\"font-weight: 400\">T\u00e4glich unterst\u00fctzen zwei M\u00fctter oder V\u00e4ter (Zweitkr\u00e4fte) das Team bei der Betreuung unserer drei\u00dfig Kinder.<\/span><\/p>\n<p><span style=\"font-weight: 400\">Zus\u00e4tzlich arbeitet eine Jahrespraktikantin im Team mit.<\/span><\/p>\n<p>&nbsp;<\/p>\n<p><\/div><\/div>\n<\/div>\n\t\t<\/div><\/div><\/div><div id=\"pg-161-2\"  class=\"panel-grid panel-no-style\" ><div id=\"pgc-161-2-0\"  class=\"panel-grid-cell\" ><div id=\"panel-161-2-0-0\" class=\"so-panel widget widget_media_image panel-first-child panel-last-child\" data-index=\"5\" ><img loading=\"lazy\" decoding=\"async\" width=\"70\" height=\"70\" src=\"http:\/\/kinderhaus-passau.de\/wordpress\/wp-content\/uploads\/2017\/10\/field-100x100.png\" class=\"image wp-image-239  attachment-70x70 size-70x70\" alt=\"\" style=\"max-width: 100%; height: auto;\" srcset=\"http:\/\/kinderhaus-passau.de\/wordpress\/wp-content\/uploads\/2017\/10\/field-100x100.png 100w, http:\/\/kinderhaus-passau.de\/wordpress\/wp-content\/uploads\/2017\/10\/field-150x150.png 150w, http:\/\/kinderhaus-passau.de\/wordpress\/wp-content\/uploads\/2017\/10\/field-300x300.png 300w, http:\/\/kinderhaus-passau.de\/wordpress\/wp-content\/uploads\/2017\/10\/field.png 512w\" sizes=\"auto, 100vw\" \/><\/div><\/div><div id=\"pgc-161-2-1\"  class=\"panel-grid-cell\" ><div id=\"panel-161-2-1-0\" class=\"so-panel widget widget_text panel-first-child panel-last-child\" data-index=\"6\" ><h3 class=\"widget-title\">R\u00e4ume und Garten<\/h3>\t\t\t<div class=\"textwidget\"><div class=\"bg-margin-for-link\"><input type='hidden' bg_collapse_expand='69f39fec53fd65023394322' value='69f39fec53fd65023394322'><input type='hidden' id='bg-show-more-text-69f39fec53fd65023394322' value='mehr...'><input type='hidden' id='bg-show-less-text-69f39fec53fd65023394322' value='...weniger'><a id='bg-showmore-action-69f39fec53fd65023394322' class='bg-showmore-plg-link bg-arrow '  style=\" color:#72777c;;\" href='#'>mehr...<\/a><div id='bg-showmore-hidden-69f39fec53fd65023394322' ><\/p>\n<p><span style=\"font-weight: 400\">Im Kinderhaus gibt es klare Regeln, auch f\u00fcr jeden Raum. F\u00fcr konzentrierte Arbeit haben wir zwei R\u00e4ume, in denen haupts\u00e4chlich Montessori-Materialien bereitstehen. Es werden verschiedene Materialien zum Bauen angeboten. F\u00fcr R\u00fcckzug und zum Kuscheln gibt es Leseecken.<br \/>\n<\/span><\/p>\n<p><img loading=\"lazy\" decoding=\"async\" class=\"aligncenter size-large wp-image-454\" src=\"http:\/\/kinderhaus-passau.de\/wordpress\/wp-content\/uploads\/2018\/05\/adlerhorst2-1024x598.jpg\" alt=\"\" width=\"525\" height=\"307\" srcset=\"http:\/\/kinderhaus-passau.de\/wordpress\/wp-content\/uploads\/2018\/05\/adlerhorst2-1024x598.jpg 1024w, http:\/\/kinderhaus-passau.de\/wordpress\/wp-content\/uploads\/2018\/05\/adlerhorst2-300x175.jpg 300w, http:\/\/kinderhaus-passau.de\/wordpress\/wp-content\/uploads\/2018\/05\/adlerhorst2-768x448.jpg 768w\" sizes=\"auto, (max-width: 525px) 100vw, 525px\" \/><\/p>\n<p>&nbsp;<\/p>\n<p><img loading=\"lazy\" decoding=\"async\" class=\"aligncenter size-large wp-image-442\" src=\"http:\/\/kinderhaus-passau.de\/wordpress\/wp-content\/uploads\/2018\/05\/spatzennest2-1024x768.jpg\" alt=\"\" width=\"525\" height=\"394\" srcset=\"http:\/\/kinderhaus-passau.de\/wordpress\/wp-content\/uploads\/2018\/05\/spatzennest2-1024x768.jpg 1024w, http:\/\/kinderhaus-passau.de\/wordpress\/wp-content\/uploads\/2018\/05\/spatzennest2-300x225.jpg 300w, http:\/\/kinderhaus-passau.de\/wordpress\/wp-content\/uploads\/2018\/05\/spatzennest2-768x576.jpg 768w\" sizes=\"auto, (max-width: 525px) 100vw, 525px\" \/><\/p>\n<p>&nbsp;<\/p>\n<p><span style=\"font-weight: 400\">Die Werkstatt bietet \u00a0Raum f\u00fcr Kreativit\u00e4t.\u00a0<\/span><\/p>\n<p><img loading=\"lazy\" decoding=\"async\" class=\"aligncenter size-large wp-image-452\" src=\"http:\/\/kinderhaus-passau.de\/wordpress\/wp-content\/uploads\/2018\/05\/werkstatt1-1024x698.jpg\" alt=\"\" width=\"525\" height=\"358\" srcset=\"http:\/\/kinderhaus-passau.de\/wordpress\/wp-content\/uploads\/2018\/05\/werkstatt1-1024x698.jpg 1024w, http:\/\/kinderhaus-passau.de\/wordpress\/wp-content\/uploads\/2018\/05\/werkstatt1-300x205.jpg 300w, http:\/\/kinderhaus-passau.de\/wordpress\/wp-content\/uploads\/2018\/05\/werkstatt1-768x524.jpg 768w\" sizes=\"auto, (max-width: 525px) 100vw, 525px\" \/><\/p>\n<p>&nbsp;<\/p>\n<p><span style=\"font-weight: 400\">Um dem nat\u00fcrlichen Bewegungsdrang der Kinder gerecht zu werden, steht ihnen der Garten jederzeit offen.<br \/>\n<\/span><\/p>\n<p><img loading=\"lazy\" decoding=\"async\" class=\"aligncenter size-large wp-image-414\" src=\"http:\/\/kinderhaus-passau.de\/wordpress\/wp-content\/uploads\/2018\/05\/garten-1024x683.jpg\" alt=\"\" width=\"525\" height=\"350\" srcset=\"http:\/\/kinderhaus-passau.de\/wordpress\/wp-content\/uploads\/2018\/05\/garten-1024x683.jpg 1024w, http:\/\/kinderhaus-passau.de\/wordpress\/wp-content\/uploads\/2018\/05\/garten-300x200.jpg 300w, http:\/\/kinderhaus-passau.de\/wordpress\/wp-content\/uploads\/2018\/05\/garten-768x512.jpg 768w, http:\/\/kinderhaus-passau.de\/wordpress\/wp-content\/uploads\/2018\/05\/garten-272x182.jpg 272w, http:\/\/kinderhaus-passau.de\/wordpress\/wp-content\/uploads\/2018\/05\/garten.jpg 1152w\" sizes=\"auto, (max-width: 525px) 100vw, 525px\" \/><\/p>\n<p>&nbsp;<\/p>\n<p><\/div><\/div>\n<\/div>\n\t\t<\/div><\/div><\/div><div id=\"pg-161-3\"  class=\"panel-grid panel-no-style\" ><div id=\"pgc-161-3-0\"  class=\"panel-grid-cell\" ><div id=\"panel-161-3-0-0\" class=\"so-panel widget widget_media_image panel-first-child panel-last-child\" data-index=\"7\" ><img loading=\"lazy\" decoding=\"async\" width=\"70\" height=\"70\" src=\"http:\/\/kinderhaus-passau.de\/wordpress\/wp-content\/uploads\/2017\/10\/alarm-clock-100x100.png\" class=\"image wp-image-238  attachment-70x70 size-70x70\" alt=\"\" style=\"max-width: 100%; height: auto;\" srcset=\"http:\/\/kinderhaus-passau.de\/wordpress\/wp-content\/uploads\/2017\/10\/alarm-clock-100x100.png 100w, http:\/\/kinderhaus-passau.de\/wordpress\/wp-content\/uploads\/2017\/10\/alarm-clock-150x150.png 150w, http:\/\/kinderhaus-passau.de\/wordpress\/wp-content\/uploads\/2017\/10\/alarm-clock-300x300.png 300w, http:\/\/kinderhaus-passau.de\/wordpress\/wp-content\/uploads\/2017\/10\/alarm-clock.png 512w\" sizes=\"auto, 100vw\" \/><\/div><\/div><div id=\"pgc-161-3-1\"  class=\"panel-grid-cell\" ><div id=\"panel-161-3-1-0\" class=\"so-panel widget widget_text panel-first-child panel-last-child\" data-index=\"8\" ><h3 class=\"widget-title\">Tagesablauf<\/h3>\t\t\t<div class=\"textwidget\"><div class=\"bg-margin-for-link\"><input type='hidden' bg_collapse_expand='69f39fec547f08041458297' value='69f39fec547f08041458297'><input type='hidden' id='bg-show-more-text-69f39fec547f08041458297' value='mehr...'><input type='hidden' id='bg-show-less-text-69f39fec547f08041458297' value='...weniger'><a id='bg-showmore-action-69f39fec547f08041458297' class='bg-showmore-plg-link bg-arrow '  style=\" color:#72777c;;\" href='#'>mehr...<\/a><div id='bg-showmore-hidden-69f39fec547f08041458297' ><\/p>\n<p><span style=\"font-weight: 400\">Wenn die Kinder ankommen haben sie die M\u00f6glichkeit zum Freispiel.<\/span><\/p>\n<p><span style=\"font-weight: 400\">Ab 8.00 Uhr k\u00f6nnen die Kinder jederzeit zum Fr\u00fchst\u00fccken kommen.<\/span><\/p>\n<p><span style=\"font-weight: 400\">Um ca. 9.30 findet der Morgenkreis statt. Danach gestalten die Kinder ihre Zeit frei oder entscheiden sich f\u00fcr Angebote.<\/span><\/p>\n<p><span style=\"font-weight: 400\">Um 12.00 Uhr essen wir gemeinsam zum Mittag. Anschlie\u00dfend gehen wir alle in den Garten.<\/span><\/p>\n<p><\/div><\/div>\n<\/div>\n\t\t<\/div><\/div><\/div><div id=\"pg-161-4\"  class=\"panel-grid panel-no-style\" ><div id=\"pgc-161-4-0\"  class=\"panel-grid-cell\" ><div id=\"panel-161-4-0-0\" class=\"so-panel widget widget_media_image panel-first-child panel-last-child\" data-index=\"9\" ><img loading=\"lazy\" decoding=\"async\" width=\"70\" height=\"70\" src=\"http:\/\/kinderhaus-passau.de\/wordpress\/wp-content\/uploads\/2017\/10\/girl-100x100.png\" class=\"image wp-image-228  attachment-70x70 size-70x70\" alt=\"\" style=\"max-width: 100%; height: auto;\" srcset=\"http:\/\/kinderhaus-passau.de\/wordpress\/wp-content\/uploads\/2017\/10\/girl-100x100.png 100w, http:\/\/kinderhaus-passau.de\/wordpress\/wp-content\/uploads\/2017\/10\/girl-150x150.png 150w, http:\/\/kinderhaus-passau.de\/wordpress\/wp-content\/uploads\/2017\/10\/girl-300x300.png 300w, http:\/\/kinderhaus-passau.de\/wordpress\/wp-content\/uploads\/2017\/10\/girl.png 512w\" sizes=\"auto, 100vw\" \/><\/div><\/div><div id=\"pgc-161-4-1\"  class=\"panel-grid-cell\" ><div id=\"panel-161-4-1-0\" class=\"so-panel widget widget_text panel-first-child panel-last-child\" data-index=\"10\" ><h3 class=\"widget-title\">Waldtag<\/h3>\t\t\t<div class=\"textwidget\"><div class=\"bg-margin-for-link\"><input type='hidden' bg_collapse_expand='69f39fec54aac4039708460' value='69f39fec54aac4039708460'><input type='hidden' id='bg-show-more-text-69f39fec54aac4039708460' value='mehr...'><input type='hidden' id='bg-show-less-text-69f39fec54aac4039708460' value='...weniger'><a id='bg-showmore-action-69f39fec54aac4039708460' class='bg-showmore-plg-link bg-arrow '  style=\" color:#72777c;;\" href='#'>mehr...<\/a><div id='bg-showmore-hidden-69f39fec54aac4039708460' ><\/p>\n<p><span style=\"font-weight: 400\">Jeden Freitag verbringen wir den Tag im Wald. Die Kinder bringen ihr Fr\u00fchst\u00fcck im Rucksack mit.<\/span><\/p>\n<p><img loading=\"lazy\" decoding=\"async\" class=\"aligncenter size-large wp-image-374\" src=\"http:\/\/kinderhaus-passau.de\/wordpress\/wp-content\/uploads\/2018\/01\/aufbruchstimmung-waldtag-1024x768.jpg\" alt=\"\" width=\"525\" height=\"394\" srcset=\"http:\/\/kinderhaus-passau.de\/wordpress\/wp-content\/uploads\/2018\/01\/aufbruchstimmung-waldtag-1024x768.jpg 1024w, http:\/\/kinderhaus-passau.de\/wordpress\/wp-content\/uploads\/2018\/01\/aufbruchstimmung-waldtag-300x225.jpg 300w, http:\/\/kinderhaus-passau.de\/wordpress\/wp-content\/uploads\/2018\/01\/aufbruchstimmung-waldtag-768x576.jpg 768w\" sizes=\"auto, (max-width: 525px) 100vw, 525px\" \/><\/p>\n<p><\/div><\/div>\n<\/div>\n\t\t<\/div><\/div><\/div><div id=\"pg-161-5\"  class=\"panel-grid panel-no-style\" ><div id=\"pgc-161-5-0\"  class=\"panel-grid-cell\" ><div id=\"panel-161-5-0-0\" class=\"so-panel widget widget_media_image panel-first-child panel-last-child\" data-index=\"11\" ><img loading=\"lazy\" decoding=\"async\" width=\"70\" height=\"70\" src=\"http:\/\/kinderhaus-passau.de\/wordpress\/wp-content\/uploads\/2017\/10\/law-100x100.png\" class=\"image wp-image-272  attachment-70x70 size-70x70\" alt=\"\" style=\"max-width: 100%; height: auto;\" srcset=\"http:\/\/kinderhaus-passau.de\/wordpress\/wp-content\/uploads\/2017\/10\/law-100x100.png 100w, http:\/\/kinderhaus-passau.de\/wordpress\/wp-content\/uploads\/2017\/10\/law-150x150.png 150w, http:\/\/kinderhaus-passau.de\/wordpress\/wp-content\/uploads\/2017\/10\/law-300x300.png 300w, http:\/\/kinderhaus-passau.de\/wordpress\/wp-content\/uploads\/2017\/10\/law.png 512w\" sizes=\"auto, 100vw\" \/><\/div><\/div><div id=\"pgc-161-5-1\"  class=\"panel-grid-cell\" ><div id=\"panel-161-5-1-0\" class=\"so-panel widget widget_text panel-first-child panel-last-child\" data-index=\"12\" ><h3 class=\"widget-title\">Netz f\u00fcr Kinder<\/h3>\t\t\t<div class=\"textwidget\"><div class=\"bg-margin-for-link\"><input type='hidden' bg_collapse_expand='69f39fec550d71093374599' value='69f39fec550d71093374599'><input type='hidden' id='bg-show-more-text-69f39fec550d71093374599' value='mehr...'><input type='hidden' id='bg-show-less-text-69f39fec550d71093374599' value='...weniger'><a id='bg-showmore-action-69f39fec550d71093374599' class='bg-showmore-plg-link bg-arrow '  style=\" color:#72777c;;\" href='#'>mehr...<\/a><div id='bg-showmore-hidden-69f39fec550d71093374599' ><\/p>\n<p><span style=\"font-weight: 400\">Der Kindergarten ist eine <a href=\"https:\/\/de.wikipedia.org\/wiki\/Netz_f%C3%BCr_Kinder\">&#8222;Netz f\u00fcr Kinder&#8220;<\/a>-Einrichtung.<br \/>\n<\/span><\/p>\n<p><span style=\"font-weight: 400\">Wir sind eine Elterninitiative, in welcher die Eltern mitarbeiten und daf\u00fcr auch eine Aufwandsentsch\u00e4digung erhalten. Sie als Eltern k\u00f6nnen die Betreuung Ihrer Kinder mitgestalten und am Gruppenalltag teilnehmen, wobei sich interessante Erfahrungen ergeben. Sie erleben Ihr Kind in einer anderen Umgebung und von einer ganz anderen Seite. Von den p\u00e4dagogischen Fachkr\u00e4ften erhalten sie dabei wichtige Anregungen.<\/span><\/p>\n<p><span style=\"font-weight: 400\">Wir d\u00fcrfen pro Gruppe nur 15 Kinder aufnehmen. Das bedeutet, dass wir kleine Gruppen haben, in denen sich die Kinder schnell einleben k\u00f6nnen. Jeden Tag arbeiten zus\u00e4tzlich zu den Fachkr\u00e4ften zwei Eltern mit.<\/span><\/p>\n<p><\/div><\/div>\n<\/div>\n\t\t<\/div><\/div><\/div><\/div>","protected":false},"excerpt":{"rendered":"<p>In diesem Abschnitt findet Ihr genauere Informationen zum Kindergarten.<\/p>\n","protected":false},"author":1,"featured_media":0,"parent":0,"menu_order":0,"comment_status":"closed","ping_status":"closed","template":"","meta":{"footnotes":""},"class_list":["post-161","page","type-page","status-publish","hentry"],"_links":{"self":[{"href":"http:\/\/kinderhaus-passau.de\/wordpress\/wp-json\/wp\/v2\/pages\/161","targetHints":{"allow":["GET"]}}],"collection":[{"href":"http:\/\/kinderhaus-passau.de\/wordpress\/wp-json\/wp\/v2\/pages"}],"about":[{"href":"http:\/\/kinderhaus-passau.de\/wordpress\/wp-json\/wp\/v2\/types\/page"}],"author":[{"embeddable":true,"href":"http:\/\/kinderhaus-passau.de\/wordpress\/wp-json\/wp\/v2\/users\/1"}],"replies":[{"embeddable":true,"href":"http:\/\/kinderhaus-passau.de\/wordpress\/wp-json\/wp\/v2\/comments?post=161"}],"version-history":[{"count":13,"href":"http:\/\/kinderhaus-passau.de\/wordpress\/wp-json\/wp\/v2\/pages\/161\/revisions"}],"predecessor-version":[{"id":3261,"href":"http:\/\/kinderhaus-passau.de\/wordpress\/wp-json\/wp\/v2\/pages\/161\/revisions\/3261"}],"wp:attachment":[{"href":"http:\/\/kinderhaus-passau.de\/wordpress\/wp-json\/wp\/v2\/media?parent=161"}],"curies":[{"name":"wp","href":"https:\/\/api.w.org\/{rel}","templated":true}]}}